{"id":5414,"date":"2026-03-20T12:46:26","date_gmt":"2026-03-20T10:46:26","guid":{"rendered":"https:\/\/muziejus.visitpasvalys.lt\/?post_type=parodos&#038;p=5414"},"modified":"2026-03-20T14:31:11","modified_gmt":"2026-03-20T12:31:11","slug":"pasvalio-krasto-garbes-pilietis-enciklopedininkas-antanas-racis-1936-2021","status":"publish","type":"parodos","link":"https:\/\/muziejus.visitpasvalys.lt\/en\/parodos\/pasvalio-krasto-garbes-pilietis-enciklopedininkas-antanas-racis-1936-2021\/","title":{"rendered":"Pasvalio kra\u0161to garb\u0117s pilietis, enciklopedininkas Antanas Ra\u010dis (1936\u20132021). Parodos I dalis."},"content":{"rendered":"\n<ul>\n<li>Antanas Ra\u010dis gim\u0117 1936 m. kovo 25 d. Pump\u0117n\u0173 vals\u010diuje, Stebeikiuose, \u016bkinink\u0173 Marijonos ir Juozo Ra\u010di\u0173 \u0161eimoje.<\/li>\n<\/ul>\n\n\n\n<ul>\n<li>1943 m. prad\u0117jo lankyti Rink\u016bn\u0173 pradin\u0119 mokykl\u0105, nuo 1946 m. t\u0119s\u0117 mokslus septynmet\u0117je Pump\u0117n\u0173 progimnazijoje (dab. Pump\u0117n\u0173 gimnazija). Baig\u0119s j\u0105 su pagyrimu, 1950 m. prad\u0117jo mokytis Pasvalio vidurin\u0117je mokykloje (dab. Petro Vilei\u0161io gimnazija), j\u0105 1954 m. baig\u0117 penketais, bet negavo aukso medalio, nes atsisak\u0117 stoti \u012f komjaunim\u0105.<\/li>\n<\/ul>\n\n\n\n<ul>\n<li>Vilniaus universitete studijavo lietuvi\u0173 kalb\u0105 ir literat\u016br\u0105. 1959 m. baig\u0119s universitet\u0105, mokytojavo Vilniaus rajono Skurbut\u0117n\u0173 septynmet\u0117je mokykloje, 1960\u20131970 m. \u2013 Kenos septynmet\u0117je mokykloje.<\/li>\n<\/ul>\n\n\n\n<ul>\n<li>Nuo 1970 m. dirbo Vyriausioje enciklopedij\u0173 redakcijoje, 1985\u20131990 m. \u2013 Mokslin\u0117s kontrol\u0117s redakcijos ved\u0117jas. 1990 m. Vyriausiajai enciklopedij\u0173 redakcijai tapus Lietuvos enciklopedij\u0173 leidykla, dvejus metus \u0117jo redakcini\u0173 darb\u0173 direktoriaus pareigas. Lietuvos enciklopedij\u0173 leidykl\u0105 1992 m. sujungus su \u201eMokslo\u201c leidykla ir \u012fk\u016brus Mokslo ir enciklopedij\u0173 leidykl\u0105, dirbo Vardyno ir mokslin\u0117s patikros redakcijos ved\u0117ju (1992\u20131994), moksliniu, vyresniuoju moksliniu redaktoriumi, 2000\u20132015 m. \u2013 direktoriaus pavaduotoju redakciniams darbams, VLE vyriausiuoju redaktoriumi. Su talkininkais \u0117m\u0117si rengti enciklopedin\u012f biografin\u012f \u017einyn\u0105 \u201eXIX\u2013XX a. Lietuvos dvasininkai\u201c.<\/li>\n<\/ul>\n\n\n\n<ul>\n<li>Mir\u0117 2021 m. liepos 17 d. Vilniuje. 2022 m. (po mirties) suteiktas Pasvalio kra\u0161to garb\u0117s pilie\u010dio vardas.<\/li>\n<\/ul>\n","protected":false},"excerpt":{"rendered":"","protected":false},"featured_media":5488,"template":"","meta":[],"parodos-kategorija":[34],"translation":{"provider":"WPGlobus","version":"2.10.8","language":"en","enabled_languages":["lt","en"],"languages":{"lt":{"title":true,"content":true,"excerpt":false},"en":{"title":false,"content":false,"excerpt":false}}},"_links":{"self":[{"href":"https:\/\/muziejus.visitpasvalys.lt\/en\/wp-json\/wp\/v2\/parodos\/5414"}],"collection":[{"href":"https:\/\/muziejus.visitpasvalys.lt\/en\/wp-json\/wp\/v2\/parodos"}],"about":[{"href":"https:\/\/muziejus.visitpasvalys.lt\/en\/wp-json\/wp\/v2\/types\/parodos"}],"version-history":[{"count":2,"href":"https:\/\/muziejus.visitpasvalys.lt\/en\/wp-json\/wp\/v2\/parodos\/5414\/revisions"}],"predecessor-version":[{"id":5492,"href":"https:\/\/muziejus.visitpasvalys.lt\/en\/wp-json\/wp\/v2\/parodos\/5414\/revisions\/5492"}],"wp:featuredmedia":[{"embeddable":true,"href":"https:\/\/muziejus.visitpasvalys.lt\/en\/wp-json\/wp\/v2\/media\/5488"}],"wp:attachment":[{"href":"https:\/\/muziejus.visitpasvalys.lt\/en\/wp-json\/wp\/v2\/media?parent=5414"}],"wp:term":[{"taxonomy":"parodos-kategorija","embeddable":true,"href":"https:\/\/muziejus.visitpasvalys.lt\/en\/wp-json\/wp\/v2\/parodos-kategorija?post=5414"}],"curies":[{"name":"wp","href":"https:\/\/api.w.org\/{rel}","templated":true}]}}