{"id":4204,"date":"2025-03-22T13:06:00","date_gmt":"2025-03-22T11:06:00","guid":{"rendered":"https:\/\/muziejus.visitpasvalys.lt\/?post_type=parodos&#038;p=4204"},"modified":"2025-03-23T09:46:34","modified_gmt":"2025-03-23T07:46:34","slug":"julijonas-butenas-steve","status":"publish","type":"parodos","link":"https:\/\/muziejus.visitpasvalys.lt\/en\/parodos\/julijonas-butenas-steve\/","title":{"rendered":"SAKALAI PARSKRIDO: JULIJONAS B\u016aT\u0116NAS\u2013ST\u0116V\u0116"},"content":{"rendered":"\n<p>Pasvalio kra\u0161to s\u016bnus, \u017eurnalistas, Lietuvos laisv\u0117s kovotojas.<\/p>\n\n\n\n<ul>\n<li>Gim\u0117 1915 m. kovo 24 d. Dovydai, Joni\u0161k\u0117lio vals\u010dius, Bir\u017e\u0173 apskritis.<\/li>\n<\/ul>\n\n\n\n<ul>\n<li>\u017duvo kovoje su sovietiniais okupantais 1951 m. gegu\u017e\u0117s 22 d. R\u016bd\u0161ilio giria prie Lek\u0117\u010di\u0173, \u0160aki\u0173 rajone.<\/li>\n<\/ul>\n\n\n\n<ul>\n<li>Baig\u0117 Linkuvos gimnazij\u0105, 1933\u20131936 m. Vytauto Did\u017eiojo universitete studijavo teis\u0119. 1937 m. baig\u0117 Karo mokykl\u0105.<\/li>\n<\/ul>\n\n\n\n<ul>\n<li>Nuo 1934 m. bendradarbiavo dienra\u0161tyje \u201eRytas\u201c, dirbo jo redakcijoje. 1936\u20131940 m. dienra\u0161\u010dio \u201eXX am\u017eius\u201c u\u017esienio politikos ap\u017evalgininkas. Lietuv\u0105 okupavus TSRS, 1940 m. rugpj\u016b\u010dio m\u0117n. atvyk\u0119s \u012f Berlyn\u0105, tapo Lietuvos aktyvist\u0173 fronto (LAF) nariu. 1941 m. kovo m\u0117n. \u012fstojo \u012f LAF kovos padalin\u012f \u2013 Tautinio darbo apsaug\u0105. 1941 m. bir\u017eelio m\u0117n. gr\u012f\u017e\u0119s \u012f Lietuv\u0105 dirbo LAF informacijos \u0161tabe, buvo pogrind\u017eio dienra\u0161\u010dio \u201e\u012e laisv\u0119\u201c redakcijos narys, Vytauto Did\u017eiojo universiteto Filosofijos fakulteto \u017durnalistikos katedros jaunesnysis asistentas. Nuo 1942 m. gegu\u017e\u0117s m\u0117n. kaip \u201e\u012e laisv\u0119\u201c korespondentas \u2013 lietuvi\u0173 antinacinio pogrind\u017eio ry\u0161ininkas Berlyne. 1943\u20131944 m. dienra\u0161\u010dio \u201eAteitis\u201c korespondentas. [1] 1944 m. Vietin\u0117s rinktin\u0117s \u0161tabo karininkas spaudos ir informacijos reikalams. 1944 m. naci\u0173 kalintas Salaspilio, Gdyn\u0117s koncentracijos stovyklose; pab\u0117go.<\/li>\n<\/ul>\n\n\n\n<ul>\n<li>1945 m. Vyriausiojo Lietuvos i\u0161laisvinimo komiteto (VLIK) Informacijos biuro ved\u0117jas Vokietijoje, Eltos biuleteni\u0173 redaktorius, kartu bendradarbiavo leidiniuose \u201eT\u0117vi\u0161k\u0117s \u017eiburiai\u201c, \u201eMa\u017easis \u017eidinys\u201c ir kt. 1946\u20131948 m. dirbo VLIK Informacijos tarnyboje Pfulingene. Ra\u0161\u0117 \u012f Lietuvi\u0173 fronto bi\u010diuli\u0173 s\u0105j\u016bd\u017eio ir kt. spaud\u0105. Nuo 1947 m. Lietuvi\u0173 \u017eurnalist\u0173 s\u0105jungos vicepirmininkas. Nuo 1949 m. dirbo VLIK kariniame skyriuje Miunchene (slapyvardis Stev\u0117, Margis). 1950 m. spalio 3 \u012f Lietuv\u0105 palyd\u0117jo partizano J. Luk\u0161os (slap. Daumantas) desant\u0105 ir gr\u012f\u017eo. 1951 m. baland\u017eio 19 d. su J. Kukausku para\u0161iutais nusileido \u012f Kazl\u0173 R\u016bdos mi\u0161kus. \u017duvo i\u0161duotas.<\/li>\n<\/ul>\n\n\n\n<ul>\n<li>1999 m. suteiktas leitenanto laipsnis (po mirties).<\/li>\n<\/ul>\n\n\n\n<ul>\n<li>1999 m. apdovanotas Vy\u010dio Kry\u017eiaus ordino Komandoro kry\u017eiumi (po mirties).<\/li>\n<\/ul>\n\n\n\n<figure class=\"wp-block-video\"><video autoplay controls src=\"https:\/\/muziejus.visitpasvalys.lt\/wp-content\/uploads\/2025\/03\/Sakalai-parskrido-2006-2.mp4\"><\/video><\/figure>\n","protected":false},"excerpt":{"rendered":"<p>Pasvalio kra\u0161to s\u016bnus, \u017eurnalistas, Lietuvos laisv\u0117s kovotojas.<\/p>\n","protected":false},"featured_media":4213,"template":"","meta":[],"parodos-kategorija":[34],"translation":{"provider":"WPGlobus","version":"2.10.8","language":"en","enabled_languages":["lt","en"],"languages":{"lt":{"title":true,"content":true,"excerpt":false},"en":{"title":false,"content":false,"excerpt":false}}},"_links":{"self":[{"href":"https:\/\/muziejus.visitpasvalys.lt\/en\/wp-json\/wp\/v2\/parodos\/4204"}],"collection":[{"href":"https:\/\/muziejus.visitpasvalys.lt\/en\/wp-json\/wp\/v2\/parodos"}],"about":[{"href":"https:\/\/muziejus.visitpasvalys.lt\/en\/wp-json\/wp\/v2\/types\/parodos"}],"version-history":[{"count":5,"href":"https:\/\/muziejus.visitpasvalys.lt\/en\/wp-json\/wp\/v2\/parodos\/4204\/revisions"}],"predecessor-version":[{"id":4246,"href":"https:\/\/muziejus.visitpasvalys.lt\/en\/wp-json\/wp\/v2\/parodos\/4204\/revisions\/4246"}],"wp:featuredmedia":[{"embeddable":true,"href":"https:\/\/muziejus.visitpasvalys.lt\/en\/wp-json\/wp\/v2\/media\/4213"}],"wp:attachment":[{"href":"https:\/\/muziejus.visitpasvalys.lt\/en\/wp-json\/wp\/v2\/media?parent=4204"}],"wp:term":[{"taxonomy":"parodos-kategorija","embeddable":true,"href":"https:\/\/muziejus.visitpasvalys.lt\/en\/wp-json\/wp\/v2\/parodos-kategorija?post=4204"}],"curies":[{"name":"wp","href":"https:\/\/api.w.org\/{rel}","templated":true}]}}