{"id":3939,"date":"2025-01-20T20:52:58","date_gmt":"2025-01-20T18:52:58","guid":{"rendered":"https:\/\/muziejus.visitpasvalys.lt\/?post_type=parodos&#038;p=3939"},"modified":"2025-01-22T08:16:46","modified_gmt":"2025-01-22T06:16:46","slug":"kunigas-jubiliatas-albinas-pipiras-1925-1949-2022","status":"publish","type":"parodos","link":"https:\/\/muziejus.visitpasvalys.lt\/en\/parodos\/kunigas-jubiliatas-albinas-pipiras-1925-1949-2022\/","title":{"rendered":"KUNIGAS JUBILIATAS ALBINAS PIPIRAS (1925\u20131949\u20132022)"},"content":{"rendered":"\n<p>Gim\u0117 1925 m. sausio 1 d. Justino ir Angel\u0117s Pipir\u0173 \u0161eimoje \u017delti\u0161ki\u0173 kaime, Skiemoni\u0173 parapijoje. Mok\u0117si Skiemoni\u0173 prad\u017eios mokykloje, Utenos gimnazijoje, kurioje 1942 m. \u012fgijo vidurin\u012f i\u0161silavinim\u0105. 1942 m. \u012fstojo \u012f Kauno tarpdiecezin\u0119 kunig\u0173 seminarij\u0105. 1949 m. rugs\u0117jo 25 d. Panev\u0117\u017eio vyskupas Kazimieras Paltarokas Kauno \u0160v. apa\u0161t. Petro ir Povilo arkikatedroje bazilikoje \u012f\u0161ventino A. Pipir\u0105 kunigu.<\/p>\n\n\n\n<p>Kun. Albinas buvo charakterizuojamas kaip pareigingas, takti\u0161kas, uolus ir nuo\u0161irdaus pamaldumo \u017emogus. Tok\u012f j\u012f tikintieji prisimin\u0117 visais kunigyst\u0117s metais.<\/p>\n\n\n\n<p>Beveik \u0161e\u0161i de\u0161imtme\u010diai prab\u0117go Pu\u0161aloto parapijoje, kur \u017emoni\u0173 buvo mylimas ir gerbiamas.<\/p>\n\n\n\n<p>Didel\u012f uolum\u0105 kun. Albinas parod\u0117 pastoraciniame darbe, prisid\u0117jo prie nema\u017eo b\u016brio kunigi\u0161k\u0173 pa\u0161aukim\u0173. Taip pat reik\u0161mingus darbus atliko atnaujinant parapijos pastatus, pastat\u0117 ne vien\u0105 paminkl\u0105 ir koplytstulp\u012f, skirtus ypatingiems \u012fvykiams atminti.<\/p>\n\n\n\n<p>Kun. Albinas i\u0161garsino Pu\u0161aloto ba\u017eny\u010di\u0105 ir savo sukonstruotu Betliejumi, kur\u012f sudar\u0117 daugiau kaip \u0161imtas miniati\u016brini\u0173 skulpt\u016br\u0117li\u0173, dalis j\u0173 tur\u0117jo mechanizmus. Savo laiku \u017emon\u0117s \u012f Pu\u0161alot\u0105 pamatyti Betliejaus atva\u017eiuodavo i\u0161 \u012fvairi\u0173 Lietuvos vietovi\u0173.<\/p>\n\n\n\n<p>Kun. Albinas labai myl\u0117jo Pu\u0161aloto kra\u0161t\u0105, buvo prie jo prisiri\u0161\u0119s, m\u0117go bendrauti, palaik\u0117 bi\u010diuli\u0161kus ry\u0161ius su daugeliu \u017emoni\u0173 net ir sulauk\u0119s gilios senatv\u0117s.<\/p>\n\n\n\n<p>Kunigas sukaup\u0117 turting\u0105 asmenin\u0119 bibliotek\u0105. Jis laisvalaikiu fotografuodavo, rinko pa\u0161to \u017eenklus, augino retus kambarinius augalus.<\/p>\n\n\n\n<p>U\u017e aktyvi\u0105 visuomenin\u0119 veikl\u0105, krik\u0161\u010dioni\u0161k\u0173 vertybi\u0173 puosel\u0117jim\u0105 Pasvalio kra\u0161te, nuo\u0161ird\u0173 bendravim\u0105 su Pu\u0161aloto kra\u0161to bendruomene 2009 m. kun. A. Pipirui suteiktas Pasvalio kra\u0161to garb\u0117s pilie\u010dio vardas.<\/p>\n\n\n\n<figure class=\"wp-block-video\"><video autoplay controls src=\"https:\/\/muziejus.visitpasvalys.lt\/wp-content\/uploads\/2025\/01\/Kunigas-Pipiras-Albinas-groja-2.mp4\"><\/video><\/figure>\n","protected":false},"excerpt":{"rendered":"<p>Gim\u0117 1925 m. sausio 1 d. Justino ir Angel\u0117s Pipir\u0173 \u0161eimoje \u017delti\u0161ki\u0173 kaime, Skiemoni\u0173 parapijoje. Mok\u0117si Skiemoni\u0173 prad\u017eios mokykloje, Utenos gimnazijoje, kurioje 1942 m. \u012fgijo vidurin\u012f i\u0161silavinim\u0105. 1942 m. \u012fstojo \u012f Kauno tarpdiecezin\u0119 kunig\u0173 seminarij\u0105. 1949 m. rugs\u0117jo 25 d. Panev\u0117\u017eio vyskupas Kazimieras Paltarokas Kauno \u0160v. apa\u0161t. Petro ir Povilo arkikatedroje bazilikoje \u012f\u0161ventino A. Pipir\u0105 kunigu. Kun. Albinas buvo charakterizuojamas kaip pareigingas, takti\u0161kas, uolus ir nuo\u0161irdaus pamaldumo \u017emogus. Tok\u012f j\u012f tikintieji prisimin\u0117 visais kunigyst\u0117s metais. Beveik \u0161e\u0161i de\u0161imtme\u010diai prab\u0117go Pu\u0161aloto parapijoje, kur \u017emoni\u0173 buvo mylimas ir gerbiamas. Didel\u012f uolum\u0105 kun. Albinas parod\u0117 pastoraciniame darbe, prisid\u0117jo prie nema\u017eo b\u016brio kunigi\u0161k\u0173 pa\u0161aukim\u0173&#8230;.<\/p>\n","protected":false},"featured_media":3960,"template":"","meta":[],"parodos-kategorija":[34],"translation":{"provider":"WPGlobus","version":"2.10.8","language":"en","enabled_languages":["lt","en"],"languages":{"lt":{"title":true,"content":true,"excerpt":false},"en":{"title":false,"content":false,"excerpt":false}}},"_links":{"self":[{"href":"https:\/\/muziejus.visitpasvalys.lt\/en\/wp-json\/wp\/v2\/parodos\/3939"}],"collection":[{"href":"https:\/\/muziejus.visitpasvalys.lt\/en\/wp-json\/wp\/v2\/parodos"}],"about":[{"href":"https:\/\/muziejus.visitpasvalys.lt\/en\/wp-json\/wp\/v2\/types\/parodos"}],"version-history":[{"count":3,"href":"https:\/\/muziejus.visitpasvalys.lt\/en\/wp-json\/wp\/v2\/parodos\/3939\/revisions"}],"predecessor-version":[{"id":3978,"href":"https:\/\/muziejus.visitpasvalys.lt\/en\/wp-json\/wp\/v2\/parodos\/3939\/revisions\/3978"}],"wp:featuredmedia":[{"embeddable":true,"href":"https:\/\/muziejus.visitpasvalys.lt\/en\/wp-json\/wp\/v2\/media\/3960"}],"wp:attachment":[{"href":"https:\/\/muziejus.visitpasvalys.lt\/en\/wp-json\/wp\/v2\/media?parent=3939"}],"wp:term":[{"taxonomy":"parodos-kategorija","embeddable":true,"href":"https:\/\/muziejus.visitpasvalys.lt\/en\/wp-json\/wp\/v2\/parodos-kategorija?post=3939"}],"curies":[{"name":"wp","href":"https:\/\/api.w.org\/{rel}","templated":true}]}}