{"id":3661,"date":"2024-11-27T20:49:08","date_gmt":"2024-11-27T18:49:08","guid":{"rendered":"https:\/\/muziejus.visitpasvalys.lt\/?post_type=parodos&#038;p=3661"},"modified":"2025-01-20T10:30:52","modified_gmt":"2025-01-20T08:30:52","slug":"mazas-lietuviskas-kaimelis-minis","status":"publish","type":"parodos","link":"https:\/\/muziejus.visitpasvalys.lt\/en\/parodos\/mazas-lietuviskas-kaimelis-minis\/","title":{"rendered":"Ma\u017eas lietuvi\u0161kas kaimelis \u201eMinis\u201c"},"content":{"rendered":"\n<p><em>Vitra\u017eais spindintys koply\u010dios langai, veikiantis knygynas, vaistin\u0117, mal\u016bnas, pa\u0161tas, krautuv\u0117, senos trobel\u0117s, kl\u0117tys, tvarteliai, malk\u0173 kr\u016bvos pusnyse, \u0161ulinys su svirtimi, ka\u017eko l\u016bkuriuojantys \u017emon\u0117s, sunkiai ve\u017eim\u0105 traukiantis arklys&#8230; Visa tai galima pamatyti miniati\u016briniame etnografiniame kaimelyje, pavadinimu <\/em><em>Minis. Tai kauniet\u0117s tautodailinink\u0117s Agn\u0117s Trik\u0161ien\u0117s sukurtas magi\u0161kas mini pasaulis, kuriame gyvena m\u016bs\u0173 praeitis.<\/em><\/p>\n\n\n\n<p>Su i\u0161skirtini\u0173 darb\u0173 k\u016br\u0117ja \u0161\u012f tre\u010diadien\u012f buvo galima susipa\u017einti per parodos pristatym\u0105 Pasvalio kra\u0161to muziejuje. Tai ko gero ma\u017eiausias kaimas Lietuvoje, puosel\u0117jantis m\u016bs\u0173 istori\u0161kum\u0105 ir meil\u0119 savo kra\u0161tui.<\/p>\n\n\n\n<p>1900\u20131960 m. laikotarpio nameli\u0173 k\u016brim\u0105 \u012fkv\u0117p\u0117 autor\u0117s t\u0117v\u0173 ir seneli\u0173 pasakojimai, i\u0161likusios senosios fotografijos. Prisiminimai apie praeit\u012f paskatino atgaivinti sen\u0105sias architekt\u016bros formas ir to laikme\u010dio \u017emoni\u0173 gyvenimo b\u016bd\u0105.<em> <\/em>Medin\u0117s trobos ir vienkiemiai buvo tipi\u0161ki senosios Lietuvos kaimo gyvenimo simboliai, o \u0161i\u0173 pastat\u0173 paprastumas ir glaudus ry\u0161ys su gamta tapo miniati\u016brinio etnografinio kaimo k\u016brybos pagrindu. K\u016brybos procesas u\u017etruko apie trejet\u0105 met\u0173. Tai jos m\u0117gstamiausias laisvalaikio u\u017esi\u0117mimas.<\/p>\n\n\n\n<p>Agn\u0117 dirba vienoje Kauno ligonin\u0117je klinikine logopede su suaugusiais \u017emon\u0117mis, turin\u010diais kalb\u0117jimo ir kalbos sutrikim\u0173 d\u0117l patirt\u0173 galvos traum\u0173, galvos smegen\u0173 operacij\u0173, insult\u0173 ir kit\u0173 galvos smegen\u0173 pa\u017eeidim\u0173 ar esant veido raumen\u0173 paraly\u017eiui.<\/p>\n\n\n\n<p>\u201eKaimelyje nor\u0117jau atkartoti ne tik mintyse \u012fstrigus\u012f vaikyst\u0117je matyt\u0105 vienkiem\u012f, ta\u010diau ir buvusi\u0105 seneli\u0173 sodyb\u0105, kurioje lakstydavau basomis. Prisimenu didel\u012f bityn\u0105, kadangi senelis vienu metu buvo did\u017eiausias bitininkas visoje Lietuvoje, da\u017enai tekdavo jam pagelb\u0117ti. Noriu atkurti to laikme\u010dio gyvenim\u0105 su visomis tradicijomis, kai \u017emon\u0117s labiau vertino ne vartojim\u0105, o bendravim\u0105, jaut\u0117 didel\u0119 bendryst\u0119 ir \u0161ilum\u0105. Daug pad\u0117jo mama, nes ji geriausiai prisimena anuos laikus ir moka labai vaizd\u017eiai pasakoti, man belieka tik \u012fsivaizduoti ir pasakojim\u0105 paversti meno k\u016briniu\u201c, \u2013 savo k\u016brybos procesu pasidalino Agn\u0117. &nbsp;&nbsp;&nbsp;<\/p>\n\n\n\n<p>Kurdama namelius bei jiems reikalingus rekvizitus Agn\u0117 naudoja tik nat\u016bralias med\u017eiagas.&nbsp;Namo fasadas gimsta i\u0161 sen\u0173, kartonini\u0173 d\u0117\u017ei\u0173, i\u0161 kiau\u0161ini\u0173 d\u0117klo \u201edengia\u201c nam\u0173 stogus, stengiasi, kad puo\u0161yboje b\u016bt\u0173 kuo daugiau med\u017eio, prie kurio prisilietus jaust\u0173si nam\u0173 \u0161iluma ir jaukumas. Nameli\u0173 vid\u0173 u\u017epildo sendaik\u010di\u0173 turguose ir parduotuv\u0117se randamomis miniati\u016brin\u0117mis buities detal\u0117mis \u2013 mini rakandais, \u012frankiais. Atrodyt\u0173, jog toki\u0173 miniati\u016br\u0173 k\u016brimas u\u017eima begal\u0119 laiko, ta\u010diau moteris tikina, kad da\u017eniausiai u\u017etrunka nuo savait\u0117s iki keli\u0173 m\u0117nesi\u0173.<\/p>\n\n\n\n<p>\u201ePirmiausiai i\u0161 darbo parsine\u0161u nebereikaling\u0105, paprast\u0105 kartonin\u0119 d\u0117\u017e\u0119 ir mintyse pradedu projektuoti namel\u012f. Joki\u0173 br\u0117\u017eini\u0173 nesibrai\u017eau, vadovaujuosi poj\u016b\u010diais, kiekvien\u0105 detal\u0119 i\u0161glostau ir su\u0161ildau savo rankomis&#8230; B\u016bsimosios miniati\u016bros vizija jau gerokai anks\u010diau b\u016bna apsigyvenusi mano vaizduot\u0117je. Sunkiausia \u201eu\u017edengti\u201c stog\u0105, stengiuosi, kad jis b\u016bt\u0173 tiesus ir simetri\u0161kas, \u0161imtaprocentinio tikslumo nereikia, juk tai menas&#8230;\u201c, \u2013 \u0161ypsodamasi priduria Agn\u0117.<\/p>\n\n\n\n<p>&nbsp;Visi pastatai skirtingi, su \u012frengtu vidumi ir savo buitimi, net ir pa\u010dias ma\u017eiausias detales moteris k\u016br\u0117 savomis rankomis.<\/p>\n\n\n\n<p>\u201eNameli\u0173 interjero id\u0117jomis domiuosi lankydamasi muziejuose, nema\u017eai i\u0161lik\u0119 prisiminim\u0173 i\u0161 vaikyst\u0117s. Miniati\u016brines pagalves ir kitas interjero detales siuva mano mama. Lankytojai galb\u016bt atkreips d\u0117mes\u012f, jog net miniati\u016briniai, ant sien\u0173 pakabinti laikrodukai rodo tiksl\u0173 laik\u0105. Tokios detal\u0117s padeda atkurti tikr\u0105, an\u0173 laik\u0173 gyvenim\u0105\u201c, \u2013 pasakoja meninink\u0117, savo sukurtais nameliais puo\u0161ianti didmies\u010di\u0173 \u012fstaig\u0173 interjerus.<\/p>\n","protected":false},"excerpt":{"rendered":"<p>Vitra\u017eais spindintys koply\u010dios langai, veikiantis knygynas, vaistin\u0117, mal\u016bnas, pa\u0161tas, krautuv\u0117, senos trobel\u0117s, kl\u0117tys, tvarteliai, malk\u0173 kr\u016bvos pusnyse, \u0161ulinys su svirtimi, ka\u017eko l\u016bkuriuojantys \u017emon\u0117s, sunkiai ve\u017eim\u0105 traukiantis arklys&#8230; Visa tai galima pamatyti miniati\u016briniame etnografiniame kaimelyje, pavadinimu Minis. Tai kauniet\u0117s tautodailinink\u0117s Agn\u0117s Trik\u0161ien\u0117s sukurtas magi\u0161kas mini pasaulis, kuriame gyvena m\u016bs\u0173 praeitis. Su i\u0161skirtini\u0173 darb\u0173 k\u016br\u0117ja \u0161\u012f tre\u010diadien\u012f buvo galima susipa\u017einti per parodos pristatym\u0105 Pasvalio kra\u0161to muziejuje. Tai ko gero ma\u017eiausias kaimas Lietuvoje, puosel\u0117jantis m\u016bs\u0173 istori\u0161kum\u0105 ir meil\u0119 savo kra\u0161tui. 1900\u20131960 m. laikotarpio nameli\u0173 k\u016brim\u0105 \u012fkv\u0117p\u0117 autor\u0117s t\u0117v\u0173 ir seneli\u0173 pasakojimai, i\u0161likusios senosios fotografijos. Prisiminimai apie praeit\u012f paskatino atgaivinti sen\u0105sias architekt\u016bros formas ir&#8230;<\/p>\n","protected":false},"featured_media":3662,"template":"","meta":[],"parodos-kategorija":[32],"translation":{"provider":"WPGlobus","version":"2.10.8","language":"en","enabled_languages":["lt","en"],"languages":{"lt":{"title":true,"content":true,"excerpt":false},"en":{"title":false,"content":false,"excerpt":false}}},"_links":{"self":[{"href":"https:\/\/muziejus.visitpasvalys.lt\/en\/wp-json\/wp\/v2\/parodos\/3661"}],"collection":[{"href":"https:\/\/muziejus.visitpasvalys.lt\/en\/wp-json\/wp\/v2\/parodos"}],"about":[{"href":"https:\/\/muziejus.visitpasvalys.lt\/en\/wp-json\/wp\/v2\/types\/parodos"}],"version-history":[{"count":3,"href":"https:\/\/muziejus.visitpasvalys.lt\/en\/wp-json\/wp\/v2\/parodos\/3661\/revisions"}],"predecessor-version":[{"id":3928,"href":"https:\/\/muziejus.visitpasvalys.lt\/en\/wp-json\/wp\/v2\/parodos\/3661\/revisions\/3928"}],"wp:featuredmedia":[{"embeddable":true,"href":"https:\/\/muziejus.visitpasvalys.lt\/en\/wp-json\/wp\/v2\/media\/3662"}],"wp:attachment":[{"href":"https:\/\/muziejus.visitpasvalys.lt\/en\/wp-json\/wp\/v2\/media?parent=3661"}],"wp:term":[{"taxonomy":"parodos-kategorija","embeddable":true,"href":"https:\/\/muziejus.visitpasvalys.lt\/en\/wp-json\/wp\/v2\/parodos-kategorija?post=3661"}],"curies":[{"name":"wp","href":"https:\/\/api.w.org\/{rel}","templated":true}]}}