{"id":5231,"date":"2026-02-13T11:01:07","date_gmt":"2026-02-13T09:01:07","guid":{"rendered":"https:\/\/muziejus.visitpasvalys.lt\/?post_type=naujienos&#038;p=5231"},"modified":"2026-02-13T11:01:07","modified_gmt":"2026-02-13T09:01:07","slug":"pasvalio-krasto-tautodailininku-parodos-atidarymas","status":"publish","type":"naujienos","link":"https:\/\/muziejus.visitpasvalys.lt\/en\/naujienos\/pasvalio-krasto-tautodailininku-parodos-atidarymas\/","title":{"rendered":"Pasvalio kra\u0161to tautodailinink\u0173 parodos atidarymas"},"content":{"rendered":"\n<p>Vasario 12 dien\u0105, muziejaus parod\u0173 sal\u0117je buvo atidaryta Pasvalio kra\u0161to tautodailinink\u0173 paroda. Rengin\u012f prad\u0117jo Pasvalio muzikos mokyklos pu\u010diam\u0173j\u0173 klas\u0117s mokinys Vytautas Tuomas (mokytojas Pranas Dap\u0161auskas), atlik\u0119s Stasio \u0160imkaus k\u016brin\u012f \u201eKur bak\u016b\u017e\u0117 samanota\u201c. Pasvalio rajono tautodailininkus pasveikino Lietuvos tautodailinink\u0173 s\u0105jungos Panev\u0117\u017eio bendrijos vadov\u0117 Audron\u0117 Virbalien\u0117. Ji pasid\u017eiaug\u0117, jog nepaisant nedidelio tautodailinink\u0173 skai\u010diaus Pasvalio rajone, parodoje eksponuojama gausyb\u0117 \u012fvairiomis technikomis sukurt\u0173 darb\u0173.<\/p>\n\n\n\n<p>\u0160iais metais parodoje dalyvauja trylika autori\u0173 \u2013 eksponuojami tapybos darbai, karpiniai, keramika, akmens ir med\u017eio skulpt\u016bros, verbos, pintos juostos, austi audiniai, \u0161iaudinis sodas, megztos pir\u0161tin\u0117s, rank\u0173 darbo l\u0117l\u0117s.<\/p>\n\n\n\n<p>Maloniai kvie\u010diame u\u017esukti ir pasigro\u017e\u0117ti kra\u0161to k\u016br\u0117j\u0173 darbais!<\/p>\n","protected":false},"excerpt":{"rendered":"<p>Vasario 12 dien\u0105, muziejaus parod\u0173 sal\u0117je buvo atidaryta Pasvalio kra\u0161to tautodailinink\u0173 paroda. Rengin\u012f prad\u0117jo Pasvalio muzikos mokyklos pu\u010diam\u0173j\u0173 klas\u0117s mokinys Vytautas Tuomas (mokytojas Pranas Dap\u0161auskas), atlik\u0119s Stasio \u0160imkaus k\u016brin\u012f \u201eKur bak\u016b\u017e\u0117 samanota\u201c. Pasvalio rajono tautodailininkus pasveikino Lietuvos tautodailinink\u0173 s\u0105jungos Panev\u0117\u017eio bendrijos vadov\u0117 Audron\u0117 Virbalien\u0117. Ji pasid\u017eiaug\u0117, jog nepaisant nedidelio tautodailinink\u0173 skai\u010diaus Pasvalio rajone, parodoje eksponuojama gausyb\u0117 \u012fvairiomis technikomis sukurt\u0173 darb\u0173. \u0160iais metais parodoje dalyvauja trylika autori\u0173 \u2013 eksponuojami tapybos darbai, karpiniai, keramika, akmens ir med\u017eio skulpt\u016bros, verbos, pintos juostos, austi audiniai, \u0161iaudinis sodas, megztos pir\u0161tin\u0117s, rank\u0173 darbo l\u0117l\u0117s. Maloniai kvie\u010diame u\u017esukti ir pasigro\u017e\u0117ti kra\u0161to k\u016br\u0117j\u0173 darbais!<\/p>\n","protected":false},"featured_media":5232,"template":"","meta":[],"naujienos-kategorija":[],"translation":{"provider":"WPGlobus","version":"2.10.8","language":"en","enabled_languages":["lt","en"],"languages":{"lt":{"title":true,"content":true,"excerpt":false},"en":{"title":false,"content":false,"excerpt":false}}},"_links":{"self":[{"href":"https:\/\/muziejus.visitpasvalys.lt\/en\/wp-json\/wp\/v2\/naujienos\/5231"}],"collection":[{"href":"https:\/\/muziejus.visitpasvalys.lt\/en\/wp-json\/wp\/v2\/naujienos"}],"about":[{"href":"https:\/\/muziejus.visitpasvalys.lt\/en\/wp-json\/wp\/v2\/types\/naujienos"}],"version-history":[{"count":1,"href":"https:\/\/muziejus.visitpasvalys.lt\/en\/wp-json\/wp\/v2\/naujienos\/5231\/revisions"}],"predecessor-version":[{"id":5239,"href":"https:\/\/muziejus.visitpasvalys.lt\/en\/wp-json\/wp\/v2\/naujienos\/5231\/revisions\/5239"}],"wp:featuredmedia":[{"embeddable":true,"href":"https:\/\/muziejus.visitpasvalys.lt\/en\/wp-json\/wp\/v2\/media\/5232"}],"wp:attachment":[{"href":"https:\/\/muziejus.visitpasvalys.lt\/en\/wp-json\/wp\/v2\/media?parent=5231"}],"wp:term":[{"taxonomy":"naujienos-kategorija","embeddable":true,"href":"https:\/\/muziejus.visitpasvalys.lt\/en\/wp-json\/wp\/v2\/naujienos-kategorija?post=5231"}],"curies":[{"name":"wp","href":"https:\/\/api.w.org\/{rel}","templated":true}]}}