{"id":4773,"date":"2025-09-25T09:52:51","date_gmt":"2025-09-25T07:52:51","guid":{"rendered":"https:\/\/muziejus.visitpasvalys.lt\/?post_type=naujienos&#038;p=4773"},"modified":"2025-09-25T09:53:46","modified_gmt":"2025-09-25T07:53:46","slug":"andriaus-kesmino-parodos-atminties-albumas-atidarymas","status":"publish","type":"naujienos","link":"https:\/\/muziejus.visitpasvalys.lt\/en\/naujienos\/andriaus-kesmino-parodos-atminties-albumas-atidarymas\/","title":{"rendered":"Andriaus Ermino parodos \u201eAtminties albumas\u201c atidarymas"},"content":{"rendered":"\n<p><strong>Rugs\u0117jo 25 d. 17 val. Pasvalio kra\u0161to muziejuje atidaroma Andriaus Ermino paroda \u201eAtminties albumas\u201c.<\/strong><\/p>\n\n\n\n<p>Andrius Erminas &#8211; konceptualus menininkas gerai \u017einomas d\u0117l savo jautri\u0173 ir asociatyvi\u0173 skulpt\u016bros objekt\u0173 bei instaliacij\u0173. Vieni svarbiausi\u0173 \u0161io menininko k\u016brybos princip\u0173 \u2013 kalb\u0117jimas nuorodomis, menamo naratyvo konstravimas bei kasdieni\u0173, panaudot\u0173, lengvai atpa\u017e\u012fstam\u0173 daikt\u0173 ir med\u017eiag\u0173 transformavimas \u012f nauj\u0105, simboli\u0161k\u0105 skulpt\u016brin\u012f k\u016bn\u0105. Jo darbuose galime atrasti nuorod\u0173 \u012f tarp\u017emogi\u0161kas, egzistencialistines temas, dialektini\u0173 prie\u0161ybi\u0173, toki\u0173 kaip mirtis ir gyvyb\u0117, kult\u016bra ir gamta, tradicija ir \u0161iuolaiki\u0161kumas apm\u0105stymus.<\/p>\n\n\n\n<p>Parodoje \u201eAtminties albumas\u201c Andrius Erminas t\u0119sia asmenin\u0117s ir kolektyvin\u0117s atminties, vietos ir tapatyb\u0117s paie\u0161kas, tyrin\u0117damas, kaip sapnai ir kasdienyb\u0117s fragmentai virsta formomis. Autoriaus darbai atskleid\u017eia prisiminimus, vaikyst\u0117s patirtis ir ry\u0161\u012f su gimt\u0105ja aplinka \u2013 temas, kurios tampa kertiniais parodos naratyvo elementais. \u0160iuose objektuose atsispindi i\u0161likimo ir t\u0119stinumo svarba. Parodoje atskleid\u017eiama, kad paprasti, i\u0161 pirmo \u017evilgsnio kasdieni\u0161ki dalykai gali tapti atramos ta\u0161kais, jungian\u010diais praeit\u012f su dabartimi. Eksponuojamos instaliacijos sukurtos i\u0161 lengvai atpa\u017e\u012fstam\u0173 objekt\u0173, ta\u010diau j\u0173 deriniai ir transformacijos balansuoja tarp realyb\u0117s ir siurrealistini\u0173 vizij\u0173. Ermino k\u016bryboje vaikyst\u0117s atmintis n\u0117ra tik nostalgijos \u017eenklas \u2013 tai veikiau gyvas \u0161altinis, padedantis suprasti, kaip formuojasi priklausymo jausmas, kaip i\u0161 asmenini\u0173 i\u0161gyvenim\u0173 gimsta bendresni, universalesni klausimai. Parodoje praeities detal\u0117s \u012fgauna nauj\u0105 reik\u0161m\u0119, o \u017ei\u016brovai yra kvie\u010diami perm\u0105styti savo santyk\u012f su laiku, vieta ir identitetu.<\/p>\n\n\n\n<p>Andrius Erminas (g. 1971 m.) \u2013 Vilniaus dail\u0117s akademijoje baig\u0117 freskos \u2013 mozaikos bakalauro ir skulpt\u016bros magistro studijas. Autorius \u012fvertintas valstyb\u0117s stipendijomis kult\u016bros ir meno k\u016br\u0117jams, ne kart\u0105 apdovanotas specialiais prizais u\u017e k\u016brybos i\u0161skirtinum\u0105 bei paskatintas jos pl\u0117totei. Autorius aktyviai rengia personalines parodas, kuri\u0173 yra jau sureng\u0119s vir\u0161 de\u0161imties, dalyvauja \u012fvairiuose jungtiniuose projektuose Lietuvoje, Did\u017eiojoje Britanijoje, Ukrainoje, Izraelyje, Austrijoje, Bulgarijoje, Vokietijoje ir kt. A. Ermino darb\u0173 yra \u012fsigij\u0119 privat\u016bs Lietuvos ir u\u017esienio kolekcininkai, jo k\u016briniai yra papild\u0119 nuolatin\u0119 MO muziejaus Vilniuje kolekcij\u0105.<\/p>\n\n\n\n<p>Andriaus Ermino paroda \u201eAtminties albumas\u201c yra didesnio (AV17) galerijos vykdomo projekto dalis, kurio metu Lietuvos \u0161iuolaikini\u0173 meninink\u0173 k\u016bryba yra pristatoma nuo sostin\u0117s nutolusiuose Lietuvos mietuose. Be Nerijaus Ermino k\u016brybos pristatymo Ukmerg\u0117je, spalio m\u0117nes\u012f Garg\u017ed\u0173 kra\u0161totyros muziejuje duris atvers Dainiaus Trumpio paroda.<\/p>\n\n\n\n<p><\/p>\n\n\n\n<p>Projekt\u0105 finansuoja Lietuvos kult\u016bros taryba.<\/p>\n\n\n\n<p><\/p>\n","protected":false},"excerpt":{"rendered":"<p>Rugs\u0117jo 25 d. 17 val. Pasvalio kra\u0161to muziejuje atidaroma Andriaus Ermino paroda \u201eAtminties albumas\u201c. Andrius Erminas &#8211; konceptualus menininkas gerai \u017einomas d\u0117l savo jautri\u0173 ir asociatyvi\u0173 skulpt\u016bros objekt\u0173 bei instaliacij\u0173. Vieni svarbiausi\u0173 \u0161io menininko k\u016brybos princip\u0173 \u2013 kalb\u0117jimas nuorodomis, menamo naratyvo konstravimas bei kasdieni\u0173, panaudot\u0173, lengvai atpa\u017e\u012fstam\u0173 daikt\u0173 ir med\u017eiag\u0173 transformavimas \u012f nauj\u0105, simboli\u0161k\u0105 skulpt\u016brin\u012f k\u016bn\u0105. Jo darbuose galime atrasti nuorod\u0173 \u012f tarp\u017emogi\u0161kas, egzistencialistines temas, dialektini\u0173 prie\u0161ybi\u0173, toki\u0173 kaip mirtis ir gyvyb\u0117, kult\u016bra ir gamta, tradicija ir \u0161iuolaiki\u0161kumas apm\u0105stymus. Parodoje \u201eAtminties albumas\u201c Andrius Erminas t\u0119sia asmenin\u0117s ir kolektyvin\u0117s atminties, vietos ir tapatyb\u0117s paie\u0161kas, tyrin\u0117damas, kaip sapnai ir kasdienyb\u0117s fragmentai virsta&#8230;<\/p>\n","protected":false},"featured_media":4774,"template":"","meta":[],"naujienos-kategorija":[],"translation":{"provider":"WPGlobus","version":"2.10.8","language":"en","enabled_languages":["lt","en"],"languages":{"lt":{"title":true,"content":true,"excerpt":false},"en":{"title":false,"content":false,"excerpt":false}}},"_links":{"self":[{"href":"https:\/\/muziejus.visitpasvalys.lt\/en\/wp-json\/wp\/v2\/naujienos\/4773"}],"collection":[{"href":"https:\/\/muziejus.visitpasvalys.lt\/en\/wp-json\/wp\/v2\/naujienos"}],"about":[{"href":"https:\/\/muziejus.visitpasvalys.lt\/en\/wp-json\/wp\/v2\/types\/naujienos"}],"version-history":[{"count":2,"href":"https:\/\/muziejus.visitpasvalys.lt\/en\/wp-json\/wp\/v2\/naujienos\/4773\/revisions"}],"predecessor-version":[{"id":4781,"href":"https:\/\/muziejus.visitpasvalys.lt\/en\/wp-json\/wp\/v2\/naujienos\/4773\/revisions\/4781"}],"wp:featuredmedia":[{"embeddable":true,"href":"https:\/\/muziejus.visitpasvalys.lt\/en\/wp-json\/wp\/v2\/media\/4774"}],"wp:attachment":[{"href":"https:\/\/muziejus.visitpasvalys.lt\/en\/wp-json\/wp\/v2\/media?parent=4773"}],"wp:term":[{"taxonomy":"naujienos-kategorija","embeddable":true,"href":"https:\/\/muziejus.visitpasvalys.lt\/en\/wp-json\/wp\/v2\/naujienos-kategorija?post=4773"}],"curies":[{"name":"wp","href":"https:\/\/api.w.org\/{rel}","templated":true}]}}