{"id":4504,"date":"2025-06-02T09:14:47","date_gmt":"2025-06-02T07:14:47","guid":{"rendered":"https:\/\/muziejus.visitpasvalys.lt\/?post_type=naujienos&#038;p=4504"},"modified":"2025-06-02T09:15:17","modified_gmt":"2025-06-02T07:15:17","slug":"zemaituku-kinkiniai-riedes-aukstaitijoje","status":"publish","type":"naujienos","link":"https:\/\/muziejus.visitpasvalys.lt\/en\/naujienos\/zemaituku-kinkiniai-riedes-aukstaitijoje\/","title":{"rendered":"\u017demaituk\u0173 kinkiniai ried\u0117s Auk\u0161taitijoje"},"content":{"rendered":"\n<p>Jau 47-\u0105j\u012f kart\u0105 anyk\u0161t\u0117nai vasar\u0105 pasitiks Tradicin\u0117s kult\u016bros ir \u017eirgo \u0161vent\u0117je \u201eB\u0117k b\u0117k, \u017eirgeli!\u201c. Kaip ir kasmet, reginio kviesliu bus miestais ir kaimais bildanti senovini\u0173 medini\u0173 ve\u017eim\u0173 gurguol\u0117, traukiama \u017eemaituk\u0173 veisl\u0117s \u017eirg\u0173. Bir\u017eelio 2 d. 10 valand\u0105, i\u0161 Migoni\u0173 kaimo (Kupi\u0161kio r.) patyr\u0119 keliautojai ir \u017eemaituk\u0173 augintojai Vidas K\u016blokas ir \u010ceslovas Marcinauskas kartu su bendra\u017eygiais i\u0161ried\u0117s \u012f \u0161e\u0161i\u0173 dien\u0173 kelion\u0119, kuri baigsis Ni\u016broni\u0173 kaime, \u017eirgo \u0161vent\u0117je. Apie \u0161io renginio prasm\u0119 pasakoja vienas i\u0161 kelion\u0117s organizatori\u0173 Mindaugas Kar\u010demarskas: \u201eTradicinis va\u017eiavimas \u017eemaitukais, pati \u017eirgininkyst\u0117s kult\u016bra \u0161iuo metu yra labai trapi. \u0160\u012f gyvenimo b\u016bd\u0105 puosel\u0117jan\u010di\u0173 \u017emoni\u0173 nebe daug. Jei neb\u016bt\u0173 j\u0173, neb\u016bt\u0173 ir kelioni\u0173. Tad tai ne tik kelion\u0117 \u017eemaitukais, ta\u010diau ir paties rei\u0161kinio raida. \u017dirgams, tradicijoms, \u0161is laikas yra negailestingas. Keista matyti ve\u017eim\u0105 tarp vis inovatyvesni\u0173 technologij\u0173. Tai materialin\u0117 l\u0117to laiko i\u0161rai\u0161ka, priver\u010dianti susim\u0105styti, stabtel\u0117ti, keistis\u201c.<\/p>\n\n\n\n<p><strong>Prof. Petro Vasinausko kelion\u0117 prie\u0161 50 met\u0173<\/strong><strong><\/strong><\/p>\n\n\n\n<p>\u0160i kelion\u0117 skirta prisiminti prie\u0161 lygiai 50 met\u0173 vykusi\u0105 profesoriaus Petro Vasinausko ir \u017eurnalisto Vlado Vaicekausko kelion\u0119, kurios metu buvo pad\u0117ti pamatai Arklio muziejaus k\u016brimui. Kaip yra sak\u0119s pats profesorius P. Vasinauskas \u201eGamtos apsaugos institucijos tur\u0117t\u0173 susir\u016bpinti arkliais kaip apsaugos objektu. Kra\u0161totyrininkai \u2013 \u012fsteigti Arklio muziej\u0173, \u012f j\u012f surenkant ne tik praeities eksponatus, bet ir tai, k\u0105 reikia dabar propaguoti\u201c.<\/p>\n\n\n\n<p>1996 metais i\u0161leistoje knygoje \u201eKelion\u0117 arkliu po Lietuv\u0105 1975 metais\u201c i\u0161spausdintas dienora\u0161tis, kuriame u\u017era\u0161yti nuotyki\u0173 ie\u0161kotoj\u0173 atsiminimai ir pasakojimai. \u201eM\u016bs\u0173 kelion\u0117s tikslas \u2013 ie\u0161koti b\u016bd\u0173, kaip mechanizacijos am\u017eiuje arkli\u0173 nykim\u0105 sustabdyti, svarbiausia, m\u016bs\u0173 nuomone, reikia pl\u0117sti ir \u012fvairinti organizuoti turizm\u0105 arkliais. Atgaivinti senus liaudies papro\u010dius, kaip kiemin\u0117jimasis, pir\u0161lybos, vestuv\u0117s ir t. t. At\u0117jo paskutinis laikas i\u0161saugoti senas ir puo\u0161nias va\u017ein\u0117jimo bei jodin\u0117jimo priemones \u2013 lineikas, brikelius, va\u017eelius, balnus, \u0161orus, skambu\u010dius, lendrinius botagus, kan\u010dius, g\u016bneles\u201c \u2013 anuomet ra\u0161\u0117 keliautojai.<\/p>\n\n\n\n<p>Keliauninkai lankydamiesi \u012fvairiuose Lietuvos kaimuose bei miesteliuose, kalbino \u0161alies \u016bkininkus, kol\u016bki\u0173 pirmininkus ir aktyvius bendruomen\u0117s narius nor\u0117dami susipa\u017einti su to meto \u017emoni\u0173 gyvenimo problematika. Filme \u201eAr nune\u0161i mane jaun\u0105\u201c (re\u017e. R. \u0160ilinis), kuriame \u0161i kelion\u0117 dokumentuota, profesorius Petras Vasinauskas pats pasakoja: \u201eKai va\u017ein\u0117ji, kai susitinki su \u017emon\u0117m, kai pamatai, tokiu b\u016bdu k\u0105 nors ir randi. Paprastai mes ie\u0161kom knygose, bet toki\u0173, grynai gyvenimi\u0161k\u0173, prakti\u0161k\u0173, agronomi\u0161k\u0173 klausim\u0173 vien knygose nerasi. Reikia pa\u010diam gyvent su valstie\u010diais, kalb\u0117ti su \u017emon\u0117m, kaime b\u016bt\u201c.<\/p>\n\n\n\n<p><strong>Ie\u0161kos lietuvi\u0161kos maisto tradicijos<\/strong><strong><\/strong><\/p>\n\n\n\n<p>\u012ekv\u0117pti ano meto keliaunink\u0173 susidom\u0117jimo \u012f kaimo kult\u016br\u0105 \u017evelgti i\u0161 ar\u010diau, \u0161iemet prie kelion\u0117s prisijungs ir LRT radijo laidos \u201eL\u0117to maisto kult\u016bra\u201c k\u016br\u0117jai Paulius Briedis ir Simona \u0160ev\u010denkait\u0117. Laidos k\u016br\u0117jai, ried\u0117dami mediniais ve\u017eimais, tyrin\u0117s Lietuvos kaimuose i\u0161likusi\u0105 maisto kult\u016br\u0105, ie\u0161kos kra\u0161tui b\u016bding\u0173 patiekal\u0173 arba j\u0173 recept\u0173, stengsis valgyti vietini\u0173 gyventoj\u0173 bei smulki\u0173 \u016bkinink\u0173 u\u017eaugint\u0105 produkcij\u0105.<\/p>\n\n\n\n<p>\u201eEsame taip \u012fprat\u0119 maist\u0105 nusipirkti parduotuv\u0117je, kad pamir\u0161tame i\u0161 kur jis ateina ir kas j\u012f u\u017eaugina, \u0160ios kelion\u0117s metu stengsim\u0117s ie\u0161koti \u0161io prarasto ry\u0161io gairi\u0173\u201c \u2013 sako laidos k\u016br\u0117jai, kurie ve\u017eimuose ried\u0117s kartu su \u017eirgininkyst\u0117s entuziastais.<\/p>\n\n\n\n<p><strong>Puosel\u0117jamos \u017eirgininkyst\u0117s tradicijos<\/strong><strong><\/strong><\/p>\n\n\n\n<p>Kelion\u0117 mediniais, senoviniais ve\u017eimais vyksta jau daugel\u012f met\u0173, kasmet keliaujama vis kitokiu mar\u0161rutu. \u201eKelion\u0117s tikslas \u2013 puosel\u0117ti ir skleisti sen\u0105sias va\u017eiavimo \u017eemaitukais tradicijas, atgaivinti senovini\u0173 pakinkt\u0173 ir medini\u0173 ve\u017eim\u0173 gamybos amatus, tobulinti vadeliotoj\u0173 \u012fg\u016bd\u017eius bei formuoti Lietuvos, kaip senas \u017eirgininkyst\u0117s tradicijas puosel\u0117jan\u010dios \u0161alies, \u012fvaizd\u012f\u201c \u2013 sako A. Baranausko ir A. Vienuolio-\u017dukausko memorialinio muziejaus Etnin\u0117s kult\u016bros skyriaus ved\u0117jas Mindaugas Kar\u010demarskas.<\/p>\n\n\n\n<p>Visos kelion\u0117s metu kvie\u010diame Jus prisijungti prie keliautoj\u0173 \u2013 ne tik pamojuoti keleiviams, ateiti pasi\u017ei\u016br\u0117ti seniausios lietuvi\u0161kos veisl\u0117s \u017eirgeli\u0173 \u2013 \u017eemaituk\u0173, galb\u016bt pasi\u016blyti \u017eirgeliams ar keleiviams atsigerti ar pasidalinti patarimu, k\u0105 aplankyti ar paklabinti j\u016bs\u0173 mieste. Galiausiai&nbsp; ir patiems prisijungti prava\u017eiuoti mar\u0161ruto atkarp\u0105 kartu.<\/p>\n\n\n\n<p><em>Renginio ir edukacini\u0173 veikl\u0173 ciklo \u201e\u017dirgas \u017emogaus gyvenime\u201c organizatoriai ir r\u0117m\u0117jai: Anyk\u0161\u010di\u0173 rajono savivaldyb\u0117, \u017demaituk\u0173 arkli\u0173 augintoj\u0173 asociacija, \u017dem\u0117s \u016bkio ministerija, A. Baranausko ir A. Vienuolio-\u017dukausko memorialinis muziejus ir Arklio muziejus.<\/em><\/p>\n","protected":false},"excerpt":{"rendered":"<p>Jau 47-\u0105j\u012f kart\u0105 anyk\u0161t\u0117nai vasar\u0105 pasitiks Tradicin\u0117s kult\u016bros ir \u017eirgo \u0161vent\u0117je \u201eB\u0117k b\u0117k, \u017eirgeli!\u201c. Kaip ir kasmet, reginio kviesliu bus miestais ir kaimais bildanti senovini\u0173 medini\u0173 ve\u017eim\u0173 gurguol\u0117, traukiama \u017eemaituk\u0173 veisl\u0117s \u017eirg\u0173. Bir\u017eelio 2 d. 10 valand\u0105, i\u0161 Migoni\u0173 kaimo (Kupi\u0161kio r.) patyr\u0119 keliautojai ir \u017eemaituk\u0173 augintojai Vidas K\u016blokas ir \u010ceslovas Marcinauskas kartu su bendra\u017eygiais i\u0161ried\u0117s \u012f \u0161e\u0161i\u0173 dien\u0173 kelion\u0119, kuri baigsis Ni\u016broni\u0173 kaime, \u017eirgo \u0161vent\u0117je. Apie \u0161io renginio prasm\u0119 pasakoja vienas i\u0161 kelion\u0117s organizatori\u0173 Mindaugas Kar\u010demarskas: \u201eTradicinis va\u017eiavimas \u017eemaitukais, pati \u017eirgininkyst\u0117s kult\u016bra \u0161iuo metu yra labai trapi. \u0160\u012f gyvenimo b\u016bd\u0105 puosel\u0117jan\u010di\u0173 \u017emoni\u0173 nebe daug. Jei neb\u016bt\u0173 j\u0173, neb\u016bt\u0173 ir&#8230;<\/p>\n","protected":false},"featured_media":4507,"template":"","meta":[],"naujienos-kategorija":[],"translation":{"provider":"WPGlobus","version":"2.10.8","language":"en","enabled_languages":["lt","en"],"languages":{"lt":{"title":true,"content":true,"excerpt":false},"en":{"title":false,"content":false,"excerpt":false}}},"_links":{"self":[{"href":"https:\/\/muziejus.visitpasvalys.lt\/en\/wp-json\/wp\/v2\/naujienos\/4504"}],"collection":[{"href":"https:\/\/muziejus.visitpasvalys.lt\/en\/wp-json\/wp\/v2\/naujienos"}],"about":[{"href":"https:\/\/muziejus.visitpasvalys.lt\/en\/wp-json\/wp\/v2\/types\/naujienos"}],"version-history":[{"count":2,"href":"https:\/\/muziejus.visitpasvalys.lt\/en\/wp-json\/wp\/v2\/naujienos\/4504\/revisions"}],"predecessor-version":[{"id":4509,"href":"https:\/\/muziejus.visitpasvalys.lt\/en\/wp-json\/wp\/v2\/naujienos\/4504\/revisions\/4509"}],"wp:featuredmedia":[{"embeddable":true,"href":"https:\/\/muziejus.visitpasvalys.lt\/en\/wp-json\/wp\/v2\/media\/4507"}],"wp:attachment":[{"href":"https:\/\/muziejus.visitpasvalys.lt\/en\/wp-json\/wp\/v2\/media?parent=4504"}],"wp:term":[{"taxonomy":"naujienos-kategorija","embeddable":true,"href":"https:\/\/muziejus.visitpasvalys.lt\/en\/wp-json\/wp\/v2\/naujienos-kategorija?post=4504"}],"curies":[{"name":"wp","href":"https:\/\/api.w.org\/{rel}","templated":true}]}}