{"id":4253,"date":"2025-03-25T10:16:33","date_gmt":"2025-03-25T08:16:33","guid":{"rendered":"https:\/\/muziejus.visitpasvalys.lt\/?post_type=naujienos&#038;p=4253"},"modified":"2025-03-25T10:16:56","modified_gmt":"2025-03-25T08:16:56","slug":"dariaus-ziuros-knygu-diseris-ir-portretai-pristatymas","status":"publish","type":"naujienos","link":"https:\/\/muziejus.visitpasvalys.lt\/en\/naujienos\/dariaus-ziuros-knygu-diseris-ir-portretai-pristatymas\/","title":{"rendered":"Dariaus \u017di\u016bros knyg\u0173 \u201eDiseris&#8221; ir \u201ePortretai\u201c pristatymas"},"content":{"rendered":"\n<p>Baland\u017eio 4 d. (penktadien\u012f), 16.30 val. kra\u0161tie\u010dio menininko Dariaus \u017di\u016bros knyg\u0173 \u201eDiseris\u201c ir \u201ePortretai\u201c pristatymas. <\/p>\n\n\n\n<p>Knyg\u0173 autori\u0173, meninink\u0105 Dari\u0173 \u017di\u016br\u0105 kalbins kra\u0161tiet\u0117, radijo LRT KLASIKA vyresnioji redaktor\u0117, muzikos kritik\u0117 <strong>Rasa Murauskait\u0117-Ju\u0161kien\u0117.<\/strong><\/p>\n\n\n\n<p><\/p>\n\n\n\n<p><strong>Knyga<\/strong> <strong>\u201eDiseris\u201c<\/strong>\u00a0\u2013 menininko Dariaus \u017di\u016bros autobiografin\u0117 proza, kurioje per asmenin\u012f pasakojim\u0105 i\u0161skleid\u017eiama dokumenti\u0161ka tikrov\u0117: gyvenimas devyniasde\u0161imtini\u0173 Vilniaus skvotuose, darbas Pary\u017eiaus gatv\u0117se, jo, kaip menininko, virsmai, tuometinio meno lauko atmosfera. Autorius fiksuoja \u012f Lietuv\u0105 ateinan\u010di\u0105 reivo kult\u016br\u0105, dut\u016bkstantini\u0173 Vilniaus stoties rajon\u0105, apm\u0105sto kult\u016bros rei\u0161kinius ir id\u0117jas, savo patirtis bendraujant su norm\u0173 u\u017eribyje gyvenan\u010diais \u017emon\u0117mis, radikalias mirties artumo b\u016bsenas. Tai tarsi tikrov\u0119 atspindinti s\u0105mon\u0117s dokumentika, menininko memuarai,\u00a0<em>\u017ei\u016b\u0303ros<\/em>. <\/p>\n\n\n\n<p><strong>Knyga-albumas \u201ePortretai\u201c<\/strong> apibendrina pastar\u0173j\u0173 dviej\u0173 de\u0161imtme\u010di\u0173 Dariaus \u017di\u016bros k\u016brybines id\u0117jas ir \u012fvairialyp\u012f, daugiasluoksn\u012f jo santyk\u012f su portretu. Knygoje publikuojami\u00a0 k\u016brini\u0173 \u201eGustoniai\u201c, \u201ePortretai\u201c, \u201eVideostudija\u201c, \u201eMonumentas utopijai\u201c, \u201eUkraina\u201c ir kt. vaizdai, taip pat kult\u016bros tyr\u0117j\u0173, kuratori\u0173, ra\u0161ytoj\u0173 Jurijaus Dobriakovo, Agn\u0117s Naru\u0161yt\u0117s, Anderso Kreugerio tekstai ir\u00a0 meno kritik\u0117s Jogint\u0117s Bu\u010dinskait\u0117s pokalbis su menininku. Knygos leidyb\u0105 finansavo Lietuvos mokslo taryba.<\/p>\n\n\n\n<p><\/p>\n\n\n\n<p>Maloniai kvie\u010diame!<\/p>\n","protected":false},"excerpt":{"rendered":"<p>Baland\u017eio 4 d. (penktadien\u012f), 16.30 val. kra\u0161tie\u010dio menininko Dariaus \u017di\u016bros knyg\u0173 \u201eDiseris\u201c ir \u201ePortretai\u201c pristatymas. Knyg\u0173 autori\u0173, meninink\u0105 Dari\u0173 \u017di\u016br\u0105 kalbins kra\u0161tiet\u0117, radijo LRT KLASIKA vyresnioji redaktor\u0117, muzikos kritik\u0117 Rasa Murauskait\u0117-Ju\u0161kien\u0117. Knyga \u201eDiseris\u201c\u00a0\u2013 menininko Dariaus \u017di\u016bros autobiografin\u0117 proza, kurioje per asmenin\u012f pasakojim\u0105 i\u0161skleid\u017eiama dokumenti\u0161ka tikrov\u0117: gyvenimas devyniasde\u0161imtini\u0173 Vilniaus skvotuose, darbas Pary\u017eiaus gatv\u0117se, jo, kaip menininko, virsmai, tuometinio meno lauko atmosfera. Autorius fiksuoja \u012f Lietuv\u0105 ateinan\u010di\u0105 reivo kult\u016br\u0105, dut\u016bkstantini\u0173 Vilniaus stoties rajon\u0105, apm\u0105sto kult\u016bros rei\u0161kinius ir id\u0117jas, savo patirtis bendraujant su norm\u0173 u\u017eribyje gyvenan\u010diais \u017emon\u0117mis, radikalias mirties artumo b\u016bsenas. Tai tarsi tikrov\u0119 atspindinti s\u0105mon\u0117s dokumentika, menininko memuarai,\u00a0\u017ei\u016b\u0303ros. Knyga-albumas \u201ePortretai\u201c apibendrina pastar\u0173j\u0173&#8230;<\/p>\n","protected":false},"featured_media":4248,"template":"","meta":[],"naujienos-kategorija":[],"translation":{"provider":"WPGlobus","version":"2.10.8","language":"en","enabled_languages":["lt","en"],"languages":{"lt":{"title":true,"content":true,"excerpt":false},"en":{"title":false,"content":false,"excerpt":false}}},"_links":{"self":[{"href":"https:\/\/muziejus.visitpasvalys.lt\/en\/wp-json\/wp\/v2\/naujienos\/4253"}],"collection":[{"href":"https:\/\/muziejus.visitpasvalys.lt\/en\/wp-json\/wp\/v2\/naujienos"}],"about":[{"href":"https:\/\/muziejus.visitpasvalys.lt\/en\/wp-json\/wp\/v2\/types\/naujienos"}],"version-history":[{"count":2,"href":"https:\/\/muziejus.visitpasvalys.lt\/en\/wp-json\/wp\/v2\/naujienos\/4253\/revisions"}],"predecessor-version":[{"id":4255,"href":"https:\/\/muziejus.visitpasvalys.lt\/en\/wp-json\/wp\/v2\/naujienos\/4253\/revisions\/4255"}],"wp:featuredmedia":[{"embeddable":true,"href":"https:\/\/muziejus.visitpasvalys.lt\/en\/wp-json\/wp\/v2\/media\/4248"}],"wp:attachment":[{"href":"https:\/\/muziejus.visitpasvalys.lt\/en\/wp-json\/wp\/v2\/media?parent=4253"}],"wp:term":[{"taxonomy":"naujienos-kategorija","embeddable":true,"href":"https:\/\/muziejus.visitpasvalys.lt\/en\/wp-json\/wp\/v2\/naujienos-kategorija?post=4253"}],"curies":[{"name":"wp","href":"https:\/\/api.w.org\/{rel}","templated":true}]}}