{"id":3793,"date":"2024-12-23T09:48:12","date_gmt":"2024-12-23T07:48:12","guid":{"rendered":"https:\/\/muziejus.visitpasvalys.lt\/?post_type=naujienos&#038;p=3793"},"modified":"2024-12-23T12:24:58","modified_gmt":"2024-12-23T10:24:58","slug":"vilties-kupinu-sv-kaledu-ir-sekmingu-naujuju-metu","status":"publish","type":"naujienos","link":"https:\/\/muziejus.visitpasvalys.lt\/en\/naujienos\/vilties-kupinu-sv-kaledu-ir-sekmingu-naujuju-metu\/","title":{"rendered":"Vilties kupin\u0173 \u0160v. Kal\u0117d\u0173 ir s\u0117kming\u0173 Nauj\u0173j\u0173 met\u0173!"},"content":{"rendered":"\n<figure class=\"wp-block-pullquote\"><blockquote><p>Mielieji,<br>\u00a0<br>Berib\u0117j erdv\u0117j metai kei\u010dia metus, dienos kei\u010dia dienas.<br>Laiko ratas vis sukas ir sukas,<br>praturt\u0117jam naujom patirtim, i\u0161mintim&#8230;<br>Ir jau po dienos \u00ad \u0161iandien, taps vakar, po met\u0173 \u2013 dabartis virs praeitim.<br>Linkime \u012f\u017evelgti prasm\u0119 prab\u0117gan\u010diame laike ir lengvai prisijaukinti ateit\u012f.<br>\u00a0<br>Vilties kupin\u0173 \u0160v. Kal\u0117d\u0173 ir s\u0117kming\u0173 Nauj\u0173j\u0173 met\u0173!<br>\u00a0<br><strong>Pasvalio kra\u0161to muziejaus bendruomen\u0117<\/strong><\/p><\/blockquote><\/figure>\n\n\n\n<figure class=\"wp-block-image size-full\"><img decoding=\"async\" loading=\"lazy\" width=\"1640\" height=\"624\" src=\"https:\/\/muziejus.visitpasvalys.lt\/wp-content\/uploads\/2024\/12\/Sveikinimas_PKM.jpg\" alt=\"\" class=\"wp-image-3781\" srcset=\"https:\/\/muziejus.visitpasvalys.lt\/wp-content\/uploads\/2024\/12\/Sveikinimas_PKM.jpg 1640w, https:\/\/muziejus.visitpasvalys.lt\/wp-content\/uploads\/2024\/12\/Sveikinimas_PKM-1024x390.jpg 1024w, https:\/\/muziejus.visitpasvalys.lt\/wp-content\/uploads\/2024\/12\/Sveikinimas_PKM-768x292.jpg 768w, https:\/\/muziejus.visitpasvalys.lt\/wp-content\/uploads\/2024\/12\/Sveikinimas_PKM-1536x584.jpg 1536w\" sizes=\"(max-width: 1640px) 100vw, 1640px\" \/><\/figure>\n\n\n\n<p><\/p>\n\n\n\n<p><\/p>\n","protected":false},"excerpt":{"rendered":"<p>Mielieji,\u00a0Berib\u0117j erdv\u0117j metai kei\u010dia metus, dienos kei\u010dia dienas.Laiko ratas vis sukas ir sukas,praturt\u0117jam naujom patirtim, i\u0161mintim&#8230;Ir jau po dienos \u00ad \u0161iandien, taps vakar, po met\u0173 \u2013 dabartis virs praeitim.Linkime \u012f\u017evelgti prasm\u0119 prab\u0117gan\u010diame laike ir lengvai prisijaukinti ateit\u012f.\u00a0Vilties kupin\u0173 \u0160v. Kal\u0117d\u0173 ir s\u0117kming\u0173 Nauj\u0173j\u0173 met\u0173!\u00a0Pasvalio kra\u0161to muziejaus bendruomen\u0117<\/p>\n","protected":false},"featured_media":3782,"template":"","meta":[],"naujienos-kategorija":[],"translation":{"provider":"WPGlobus","version":"2.10.8","language":"en","enabled_languages":["lt","en"],"languages":{"lt":{"title":true,"content":true,"excerpt":false},"en":{"title":false,"content":false,"excerpt":false}}},"_links":{"self":[{"href":"https:\/\/muziejus.visitpasvalys.lt\/en\/wp-json\/wp\/v2\/naujienos\/3793"}],"collection":[{"href":"https:\/\/muziejus.visitpasvalys.lt\/en\/wp-json\/wp\/v2\/naujienos"}],"about":[{"href":"https:\/\/muziejus.visitpasvalys.lt\/en\/wp-json\/wp\/v2\/types\/naujienos"}],"version-history":[{"count":8,"href":"https:\/\/muziejus.visitpasvalys.lt\/en\/wp-json\/wp\/v2\/naujienos\/3793\/revisions"}],"predecessor-version":[{"id":3804,"href":"https:\/\/muziejus.visitpasvalys.lt\/en\/wp-json\/wp\/v2\/naujienos\/3793\/revisions\/3804"}],"wp:featuredmedia":[{"embeddable":true,"href":"https:\/\/muziejus.visitpasvalys.lt\/en\/wp-json\/wp\/v2\/media\/3782"}],"wp:attachment":[{"href":"https:\/\/muziejus.visitpasvalys.lt\/en\/wp-json\/wp\/v2\/media?parent=3793"}],"wp:term":[{"taxonomy":"naujienos-kategorija","embeddable":true,"href":"https:\/\/muziejus.visitpasvalys.lt\/en\/wp-json\/wp\/v2\/naujienos-kategorija?post=3793"}],"curies":[{"name":"wp","href":"https:\/\/api.w.org\/{rel}","templated":true}]}}