{"id":3121,"date":"2024-06-14T20:55:30","date_gmt":"2024-06-14T18:55:30","guid":{"rendered":"https:\/\/muziejus.visitpasvalys.lt\/?post_type=naujienos&#038;p=3121"},"modified":"2024-06-14T20:59:35","modified_gmt":"2024-06-14T18:59:35","slug":"mes-niekada-nepamirsime","status":"publish","type":"naujienos","link":"https:\/\/muziejus.visitpasvalys.lt\/en\/naujienos\/mes-niekada-nepamirsime\/","title":{"rendered":"Mes niekada nepamir\u0161ime&#8230;"},"content":{"rendered":"\n<p>Bir\u017eelio 14-\u0105j\u0105 \u2013 Gedulo ir vilties dien\u0105 prisimename ir pagerbiame tuos, i\u0161 kuri\u0173 buvo atimta, kas \u017emogui brangiausia \u2013 laisv\u0117 ir T\u0117vyn\u0117.<\/p>\n\n\n\n<p>Prie\u0161 83 metus daugelio \u0161eim\u0173 gyvenimus aptemd\u0117 tremties \u0161e\u0161\u0117lis, kuris ilgam i\u0161liks atmintyje kaip skaud\u017eiausias m\u016bs\u0173 tautos istorijos puslapis. Skai\u010diuojama, kad i\u0161 viso prievarta i\u0161 savo nam\u0173 i\u0161ve\u017eta ir nuo artim\u0173j\u0173 atskirta apie 130 t\u016bkst. Lietuvos gyventoj\u0173. Deja, ne visiems pavyko sugr\u012f\u017eti \u012f savo gimtuosius kra\u0161tus mylimoje <a><\/a>T\u0117vyn\u0117je&#8230;<\/p>\n\n\n\n<p>Janiseli\u0173, \u0160ilkarski\u0173, Varanausk\u0173, Galini\u0173, Jurgai\u010di\u0173 \u0161eim\u0173 ir kit\u0173 tremtini\u0173 istorijos mums visuomet primins, kiek skausmo ir netek\u010di\u0173 tur\u0117jome patirti, jog \u0161iandien gyventume laisvoje Lietuvoje.<\/p>\n\n\n\n<p>O \u0161iandien dar kart\u0105 dalinam\u0117s akimirkomis i\u0161 Janiseli\u0173 \u0161eimos istorijos \u012fam\u017einimo, pasitelkiant gatv\u0117s men\u0105. Kvie\u010diame stabtel\u0117ti prie \u0161io pie\u0161inio ir prisiminti visus tremties \u0161e\u0161\u0117lio paliestus tautie\u010dius.<\/p>\n\n\n\n<figure class=\"wp-block-video\"><video autoplay controls src=\"https:\/\/muziejus.visitpasvalys.lt\/wp-content\/uploads\/2024\/06\/448433758_477184941482088_2224025643225985630_n.mp4\"><\/video><\/figure>\n","protected":false},"excerpt":{"rendered":"<p>Bir\u017eelio 14-\u0105j\u0105 \u2013 Gedulo ir vilties dien\u0105 prisimename ir pagerbiame tuos, i\u0161 kuri\u0173 buvo atimta, kas \u017emogui brangiausia \u2013 laisv\u0117 ir T\u0117vyn\u0117. Prie\u0161 83 metus daugelio \u0161eim\u0173 gyvenimus aptemd\u0117 tremties \u0161e\u0161\u0117lis, kuris ilgam i\u0161liks atmintyje kaip skaud\u017eiausias m\u016bs\u0173 tautos istorijos puslapis. Skai\u010diuojama, kad i\u0161 viso prievarta i\u0161 savo nam\u0173 i\u0161ve\u017eta ir nuo artim\u0173j\u0173 atskirta apie 130 t\u016bkst. Lietuvos gyventoj\u0173. Deja, ne visiems pavyko sugr\u012f\u017eti \u012f savo gimtuosius kra\u0161tus mylimoje T\u0117vyn\u0117je&#8230; Janiseli\u0173, \u0160ilkarski\u0173, Varanausk\u0173, Galini\u0173, Jurgai\u010di\u0173 \u0161eim\u0173 ir kit\u0173 tremtini\u0173 istorijos mums visuomet primins, kiek skausmo ir netek\u010di\u0173 tur\u0117jome patirti, jog \u0161iandien gyventume laisvoje Lietuvoje. O \u0161iandien dar kart\u0105 dalinam\u0117s akimirkomis&#8230;<\/p>\n","protected":false},"featured_media":3123,"template":"","meta":[],"naujienos-kategorija":[],"translation":{"provider":"WPGlobus","version":"2.10.8","language":"en","enabled_languages":["lt","en"],"languages":{"lt":{"title":true,"content":true,"excerpt":false},"en":{"title":false,"content":false,"excerpt":false}}},"_links":{"self":[{"href":"https:\/\/muziejus.visitpasvalys.lt\/en\/wp-json\/wp\/v2\/naujienos\/3121"}],"collection":[{"href":"https:\/\/muziejus.visitpasvalys.lt\/en\/wp-json\/wp\/v2\/naujienos"}],"about":[{"href":"https:\/\/muziejus.visitpasvalys.lt\/en\/wp-json\/wp\/v2\/types\/naujienos"}],"version-history":[{"count":3,"href":"https:\/\/muziejus.visitpasvalys.lt\/en\/wp-json\/wp\/v2\/naujienos\/3121\/revisions"}],"predecessor-version":[{"id":3130,"href":"https:\/\/muziejus.visitpasvalys.lt\/en\/wp-json\/wp\/v2\/naujienos\/3121\/revisions\/3130"}],"wp:featuredmedia":[{"embeddable":true,"href":"https:\/\/muziejus.visitpasvalys.lt\/en\/wp-json\/wp\/v2\/media\/3123"}],"wp:attachment":[{"href":"https:\/\/muziejus.visitpasvalys.lt\/en\/wp-json\/wp\/v2\/media?parent=3121"}],"wp:term":[{"taxonomy":"naujienos-kategorija","embeddable":true,"href":"https:\/\/muziejus.visitpasvalys.lt\/en\/wp-json\/wp\/v2\/naujienos-kategorija?post=3121"}],"curies":[{"name":"wp","href":"https:\/\/api.w.org\/{rel}","templated":true}]}}