{"id":1599,"date":"2023-02-01T09:47:44","date_gmt":"2023-02-01T07:47:44","guid":{"rendered":"https:\/\/muziejus.visitpasvalys.lt\/?post_type=naujienos&#038;p=1599"},"modified":"2023-02-01T09:57:15","modified_gmt":"2023-02-01T07:57:15","slug":"keramikes-marijonos-ziurienes-paroda","status":"publish","type":"naujienos","link":"https:\/\/muziejus.visitpasvalys.lt\/en\/naujienos\/keramikes-marijonos-ziurienes-paroda\/","title":{"rendered":"Keramik\u0117s Marijonos \u017di\u016brien\u0117s paroda"},"content":{"rendered":"\n<p>Kvie\u010diame \u012f parod\u0105, skirt\u0105 pamin\u0117ti kra\u0161tiet\u0117s, keramik\u0117s Marijonos \u017di\u016brien\u0117s 80-osioms gimimo metin\u0117ms!<\/p>\n\n\n\n<div style=\"height:20px\" aria-hidden=\"true\" class=\"wp-block-spacer\"><\/div>\n\n\n\n<p>\u201eDievas mane apdovanojo meniniais bei muzikiniais gabumais, tod\u0117l nuspr\u0119sti, kokiai M\u016bzai tarnauti, buvo gana sunku. Mokantis dail\u0117s ir lavinant vokal\u0105, buvau d\u0117stytoj\u0173 geranori\u0161kai skatinama ir palaikoma. Pasirinkau keramik\u0105, ta\u010diau su muzika niekada nesiskyriau. Kaune prab\u0117go mano did\u017eioji gyvenimo dalis: \u010dia baigiau dail\u0117s ir muzikos studijas, suk\u016briau \u0161eim\u0105, \u010dia u\u017eaugo mano trys vaikai, pasirink\u0119 taip pat menininko keli\u0105&#8221;, \u2013 \u0161viesaus atminimo keramik\u0117s Marijonos \u017di\u016brien\u0117s mintys, simboli\u0161kai sugr\u012f\u017eusios \u012f gimtin\u0119 savo keramikos darbais. Muziejuje buvo atidaryta autor\u0117s keramikos darb\u0173 paroda.<\/p>\n\n\n\n<div style=\"height:20px\" aria-hidden=\"true\" class=\"wp-block-spacer\"><\/div>\n\n\n\n<p>Keramik\u0117 gim\u0117 1943 m. sausio 20 d. Gustoni\u0173 k. (Pasvalio r.), mir\u0117 2019 m. baland\u017eio 3 d. Kaune.<\/p>\n","protected":false},"excerpt":{"rendered":"<p>Kvie\u010diame \u012f parod\u0105, skirt\u0105 pamin\u0117ti kra\u0161tiet\u0117s, keramik\u0117s Marijonos \u017di\u016brien\u0117s 80-osioms gimimo metin\u0117ms! \u201eDievas mane apdovanojo meniniais bei muzikiniais gabumais, tod\u0117l nuspr\u0119sti, kokiai M\u016bzai tarnauti, buvo gana sunku. Mokantis dail\u0117s ir lavinant vokal\u0105, buvau d\u0117stytoj\u0173 geranori\u0161kai skatinama ir palaikoma. Pasirinkau keramik\u0105, ta\u010diau su muzika niekada nesiskyriau. Kaune prab\u0117go mano did\u017eioji gyvenimo dalis: \u010dia baigiau dail\u0117s ir muzikos studijas, suk\u016briau \u0161eim\u0105, \u010dia u\u017eaugo mano trys vaikai, pasirink\u0119 taip pat menininko keli\u0105&#8221;, \u2013 \u0161viesaus atminimo keramik\u0117s Marijonos \u017di\u016brien\u0117s mintys, simboli\u0161kai sugr\u012f\u017eusios \u012f gimtin\u0119 savo keramikos darbais. Muziejuje buvo atidaryta autor\u0117s keramikos darb\u0173 paroda. Keramik\u0117 gim\u0117 1943 m. sausio 20 d. Gustoni\u0173 k. (Pasvalio&#8230;<\/p>\n","protected":false},"featured_media":1601,"template":"","meta":[],"naujienos-kategorija":[],"translation":{"provider":"WPGlobus","version":"2.10.8","language":"en","enabled_languages":["lt","en"],"languages":{"lt":{"title":true,"content":true,"excerpt":false},"en":{"title":false,"content":false,"excerpt":false}}},"_links":{"self":[{"href":"https:\/\/muziejus.visitpasvalys.lt\/en\/wp-json\/wp\/v2\/naujienos\/1599"}],"collection":[{"href":"https:\/\/muziejus.visitpasvalys.lt\/en\/wp-json\/wp\/v2\/naujienos"}],"about":[{"href":"https:\/\/muziejus.visitpasvalys.lt\/en\/wp-json\/wp\/v2\/types\/naujienos"}],"version-history":[{"count":6,"href":"https:\/\/muziejus.visitpasvalys.lt\/en\/wp-json\/wp\/v2\/naujienos\/1599\/revisions"}],"predecessor-version":[{"id":1609,"href":"https:\/\/muziejus.visitpasvalys.lt\/en\/wp-json\/wp\/v2\/naujienos\/1599\/revisions\/1609"}],"wp:featuredmedia":[{"embeddable":true,"href":"https:\/\/muziejus.visitpasvalys.lt\/en\/wp-json\/wp\/v2\/media\/1601"}],"wp:attachment":[{"href":"https:\/\/muziejus.visitpasvalys.lt\/en\/wp-json\/wp\/v2\/media?parent=1599"}],"wp:term":[{"taxonomy":"naujienos-kategorija","embeddable":true,"href":"https:\/\/muziejus.visitpasvalys.lt\/en\/wp-json\/wp\/v2\/naujienos-kategorija?post=1599"}],"curies":[{"name":"wp","href":"https:\/\/api.w.org\/{rel}","templated":true}]}}